{"id":258,"date":"2023-06-13T11:32:26","date_gmt":"2023-06-13T11:32:26","guid":{"rendered":"https:\/\/cidadesirrequietas.com\/?page_id=258"},"modified":"2023-06-13T11:32:26","modified_gmt":"2023-06-13T11:32:26","slug":"retratos-de-bairro","status":"publish","type":"page","link":"https:\/\/cidadesirrequietas.com\/index.php\/retratos-de-bairro\/","title":{"rendered":"Retratos de bairro"},"content":{"rendered":"\n<figure class=\"wp-block-image size-large\"><img loading=\"lazy\" decoding=\"async\" width=\"768\" height=\"1024\" src=\"https:\/\/cidadesirrequietas.com\/wp-content\/uploads\/2023\/06\/FOTO-1.-22.06.22.-AT-VIII.-Retratos-de-Bairro-768x1024.jpg\" alt=\"\" class=\"wp-image-249\" srcset=\"https:\/\/cidadesirrequietas.com\/wp-content\/uploads\/2023\/06\/FOTO-1.-22.06.22.-AT-VIII.-Retratos-de-Bairro-768x1024.jpg 768w, https:\/\/cidadesirrequietas.com\/wp-content\/uploads\/2023\/06\/FOTO-1.-22.06.22.-AT-VIII.-Retratos-de-Bairro-225x300.jpg 225w, https:\/\/cidadesirrequietas.com\/wp-content\/uploads\/2023\/06\/FOTO-1.-22.06.22.-AT-VIII.-Retratos-de-Bairro-1152x1536.jpg 1152w, https:\/\/cidadesirrequietas.com\/wp-content\/uploads\/2023\/06\/FOTO-1.-22.06.22.-AT-VIII.-Retratos-de-Bairro-1536x2048.jpg 1536w, https:\/\/cidadesirrequietas.com\/wp-content\/uploads\/2023\/06\/FOTO-1.-22.06.22.-AT-VIII.-Retratos-de-Bairro-scaled.jpg 1920w\" sizes=\"auto, (max-width: 768px) 100vw, 768px\" \/><\/figure>\n\n\n<p>2022<\/p>\n<p>Document\u00e1rio \/ curta-metragem \/ 46&#8242;<br \/>de Ricardo G. Santos e Patr\u00edcia Cairr\u00e3o<br \/><em>Declara\u00e7\u00f5es de afetos de uma comunidade.<\/em><\/p>","protected":false},"excerpt":{"rendered":"<p>2022 Document\u00e1rio \/ curta-metragem \/ 46&#8242;de Ricardo G. Santos e Patr\u00edcia Cairr\u00e3oDeclara\u00e7\u00f5es de afetos de uma comunidade.<\/p>\n","protected":false},"author":1,"featured_media":0,"parent":0,"menu_order":0,"comment_status":"closed","ping_status":"closed","template":"","meta":{"footnotes":""},"class_list":["post-258","page","type-page","status-publish","hentry"],"_links":{"self":[{"href":"https:\/\/cidadesirrequietas.com\/index.php\/wp-json\/wp\/v2\/pages\/258","targetHints":{"allow":["GET"]}}],"collection":[{"href":"https:\/\/cidadesirrequietas.com\/index.php\/wp-json\/wp\/v2\/pages"}],"about":[{"href":"https:\/\/cidadesirrequietas.com\/index.php\/wp-json\/wp\/v2\/types\/page"}],"author":[{"embeddable":true,"href":"https:\/\/cidadesirrequietas.com\/index.php\/wp-json\/wp\/v2\/users\/1"}],"replies":[{"embeddable":true,"href":"https:\/\/cidadesirrequietas.com\/index.php\/wp-json\/wp\/v2\/comments?post=258"}],"version-history":[{"count":1,"href":"https:\/\/cidadesirrequietas.com\/index.php\/wp-json\/wp\/v2\/pages\/258\/revisions"}],"predecessor-version":[{"id":259,"href":"https:\/\/cidadesirrequietas.com\/index.php\/wp-json\/wp\/v2\/pages\/258\/revisions\/259"}],"wp:attachment":[{"href":"https:\/\/cidadesirrequietas.com\/index.php\/wp-json\/wp\/v2\/media?parent=258"}],"curies":[{"name":"wp","href":"https:\/\/api.w.org\/{rel}","templated":true}]}}